{"id":167,"date":"2015-08-19T21:57:25","date_gmt":"2015-08-19T20:57:25","guid":{"rendered":"http:\/\/gauthierlift.com\/wordpress\/?page_id=167"},"modified":"2025-07-17T15:33:19","modified_gmt":"2025-07-17T14:33:19","slug":"a-propos","status":"publish","type":"page","link":"https:\/\/gauthierlift.com\/wordpress\/a-propos\/","title":{"rendered":"\u00c0 propos"},"content":{"rendered":"<div class=\"row\"><div class=\"colonne\">\n<h2><span style=\"font-family: Roboto; font-size: 18px;\"><strong>Gauthier Chariots \u00c9l\u00e9vateurs<br \/>\n<\/strong><\/span><span style=\"font-family: Roboto; font-size: 18px;\"><strong>Votre partenaire de confiance pour tous vos besoins de manutention<\/strong><\/span><\/h2>\n<p>&nbsp;<\/p>\n<p>Depuis 1993, Gauthier Chariots \u00c9l\u00e9vateurs vous offre une expertise et des produits de renomm\u00e9e internationale, gage de qualit\u00e9 sup\u00e9rieure, de fiabilit\u00e9, de durabilit\u00e9 et de s\u00e9curit\u00e9.<\/p>\n<p>En atelier comme sur la route, nos techniciens hautement qualifi\u00e9s travaillent avec rapidit\u00e9 et pr\u00e9cision pour votre satisfaction. Aussi, en plus de nos repr\u00e9sentants qui sillonnent les routes de la province pour aller \u00e0 votre rencontre, Gauthier Chariots \u00c9l\u00e9vateurs b\u00e9n\u00e9ficie d\u2019un r\u00e9seau de distributeurs situ\u00e9s partout au Qu\u00e9bec.<\/p>\n<p>Dirig\u00e9e par Louis Gauthier, Charles Martel et Andr\u00e9 Bouffard, l\u2019entreprise compte maintenant 4 succursales et plusieurs unit\u00e9s mobiles.<\/p>\n<p>Vous pouvez compter sur l\u2019\u00e9quipe d\u2019experts de Gauthier Chariots \u00c9l\u00e9vateurs pour vous proposer des solutions adapt\u00e9es \u00e0 vos besoins, pour entretenir et r\u00e9parer vos \u00e9quipements.<\/p>\n<\/div>\n<div class=\"colonne\">\n<div id=\"attachment_4792\" style=\"width: 599px\" class=\"wp-caption alignnone\"><a href=\"https:\/\/gauthierlift.com\/wordpress\/wp-content\/uploads\/2024\/01\/ei_-0820-Edit.jpg\"><img decoding=\"async\" aria-describedby=\"caption-attachment-4792\" class=\"wp-image-4792\" src=\"https:\/\/gauthierlift.com\/wordpress\/wp-content\/uploads\/2024\/01\/ei_-0820-Edit-500x333.jpg\" alt=\"Les associ\u00e9s\" width=\"589\" height=\"392\" srcset=\"https:\/\/gauthierlift.com\/wordpress\/wp-content\/uploads\/2024\/01\/ei_-0820-Edit-500x333.jpg 500w, https:\/\/gauthierlift.com\/wordpress\/wp-content\/uploads\/2024\/01\/ei_-0820-Edit-800x534.jpg 800w, https:\/\/gauthierlift.com\/wordpress\/wp-content\/uploads\/2024\/01\/ei_-0820-Edit-768x512.jpg 768w, https:\/\/gauthierlift.com\/wordpress\/wp-content\/uploads\/2024\/01\/ei_-0820-Edit-1536x1025.jpg 1536w, https:\/\/gauthierlift.com\/wordpress\/wp-content\/uploads\/2024\/01\/ei_-0820-Edit-1800x1201.jpg 1800w, https:\/\/gauthierlift.com\/wordpress\/wp-content\/uploads\/2024\/01\/ei_-0820-Edit-250x167.jpg 250w, https:\/\/gauthierlift.com\/wordpress\/wp-content\/uploads\/2024\/01\/ei_-0820-Edit.jpg 2048w\" sizes=\"(max-width: 589px) 100vw, 589px\" \/><\/a><p id=\"caption-attachment-4792\" class=\"wp-caption-text\"><br \/>Andr\u00e9 Bouffard, Charles Martel et Louis Gauthier<\/p><\/div>\n<\/div><\/div>\n<p>&nbsp;<\/p>\n<div class=\"row\"><div class=\"colonne\">\n<p><a href=\"https:\/\/gauthierlift.com\/wordpress\/wp-content\/uploads\/2024\/01\/Alcide-Martel-min-scaled.jpg\"><img decoding=\"async\" class=\"wp-image-4794\" src=\"https:\/\/gauthierlift.com\/wordpress\/wp-content\/uploads\/2024\/01\/Alcide-Martel-min-500x703.jpg\" alt=\"Alcide Martel - 1938\" width=\"417\" height=\"586\" srcset=\"https:\/\/gauthierlift.com\/wordpress\/wp-content\/uploads\/2024\/01\/Alcide-Martel-min-500x703.jpg 500w, https:\/\/gauthierlift.com\/wordpress\/wp-content\/uploads\/2024\/01\/Alcide-Martel-min-800x1125.jpg 800w, https:\/\/gauthierlift.com\/wordpress\/wp-content\/uploads\/2024\/01\/Alcide-Martel-min-768x1080.jpg 768w, https:\/\/gauthierlift.com\/wordpress\/wp-content\/uploads\/2024\/01\/Alcide-Martel-min-1092x1536.jpg 1092w, https:\/\/gauthierlift.com\/wordpress\/wp-content\/uploads\/2024\/01\/Alcide-Martel-min-1456x2048.jpg 1456w, https:\/\/gauthierlift.com\/wordpress\/wp-content\/uploads\/2024\/01\/Alcide-Martel-min-1800x2531.jpg 1800w, https:\/\/gauthierlift.com\/wordpress\/wp-content\/uploads\/2024\/01\/Alcide-Martel-min-250x352.jpg 250w, https:\/\/gauthierlift.com\/wordpress\/wp-content\/uploads\/2024\/01\/Alcide-Martel-min-scaled.jpg 1821w\" sizes=\"(max-width: 417px) 100vw, 417px\" \/><\/a><\/p>\n<\/div>\n<div class=\"colonne\">\n<p><span style=\"font-family: Roboto; font-size: 18px;\"><strong>Les origines de l\u2019entreprise<\/strong><\/span><\/p>\n<p>Chez Gauthier Chariots \u00c9l\u00e9vateurs, la m\u00e9canique et les affaires font partie de nos g\u00e8nes depuis tr\u00e8s longtemps.<\/p>\n<p><strong>1930<\/strong> &#8211; Au d\u00e9but des ann\u00e9es 1930, le garage Alcide Martel profite d\u00e9j\u00e0 d\u2019une renomm\u00e9e enviable \u00e0 Warwick et dans la r\u00e9gion des Bois-Francs. De la m\u00eame trempe que J-A Bombardier, Alcide exploite une entreprise prosp\u00e8re en m\u00e9canique g\u00e9n\u00e9rale, tout en \u00e9laborant un prototype d\u2019autoneige qui inspire son rival de Valcourt.<\/p>\n<p>D\u00e9c\u00e9d\u00e9 dans la fleur de l\u2019\u00e2ge, il ne peut mener \u00e0 terme ses projets ambitieux, mais son enseignement profite \u00e0 une g\u00e9n\u00e9ration de brillants m\u00e9caniciens, dont les fr\u00e8res Gauthier.<\/p>\n<p><strong>1968<\/strong> &#8211; Mari\u00e9 \u00e0 la fille a\u00een\u00e9e d\u2019Alcide, Paul Gauthier est form\u00e9 au m\u00e9tier de m\u00e9canicien par son beau-p\u00e8re, puis il inaugure son propre garage en 1968. Les affaires vont bon train pour le commerce, qui forge sa renomm\u00e9e sur l\u2019ing\u00e9niosit\u00e9 et le d\u00e9vouement de son personnel.<\/p>\n<p><strong>1986<\/strong> &#8211; En 1986, Louis, fils de Paul, int\u00e8gre l\u2019entreprise et lui apporte du sang neuf. Trois ans plus tard, au d\u00e9c\u00e8s de son p\u00e8re, Louis devient propri\u00e9taire et se familiarise graduellement avec le monde du chariot \u00e9l\u00e9vateur.<\/p>\n<p><strong>1993<\/strong> &#8211; De plus en plus conscient des besoins et du potentiel de ce march\u00e9, il s\u2019associe \u00e0 Charles Martel, un autre descendant de la lign\u00e9e d\u2019Alcide, puis en 1993, ils fondent Gauthier Chariots \u00c9l\u00e9vateurs. C\u2019est le d\u00e9but d\u2019une nouvelle aventure.<\/p>\n<p><strong>2006<\/strong> \u2013 Gauthier Chariots \u00c9l\u00e9vateurs acquiert l\u2019entreprise Interlift de Drummondville, lui permettant ainsi de confirmer son statut de leader au Centre-du-Qu\u00e9bec et de desservir de nouveaux territoires tels que Sherbrooke, Saint-Hyacinthe, Granby, Sorel et Trois-Rivi\u00e8res.<\/p>\n<p><strong>2017<\/strong> &#8211; Acquisition de Deval Chariots \u00c9l\u00e9vateurs, ajoutant une succursale \u00e0 Montr\u00e9al.<\/p>\n<p><strong>2019<\/strong> &#8211; Andr\u00e9 Bouffard, vice-pr\u00e9sident finances et administration joint les rangs des actionnaires de l\u2019entreprise.<\/p>\n<p><strong>2021<\/strong> &#8211; L\u2019entreprise se relocalise dans de nouveaux locaux, au 6 rue du Parc.<\/p>\n<p><strong>2021<\/strong> &#8211; Ouverture de la succursale de Qu\u00e9bec.<\/p>\n<p><strong>2023<\/strong> &#8211; Gauthier Chariots \u00c9l\u00e9vateurs f\u00eate ses 30 ans d&rsquo;existence!<\/p>\n<\/div><\/div>\n<div class=\"row\"><div class=\"colonne\">\n<h2><strong>De nouvelles acquisitions, la m\u00eame vision!<\/strong><\/h2>\n<p>Au fil du temps, Gauthier Chariots \u00c9l\u00e9vateurs, qui se sp\u00e9cialise d\u00e9sormais uniquement dans les chariots \u00e9l\u00e9vateurs, se b\u00e2tit une solide r\u00e9putation et poursuit sa croissance fulgurante.<\/p>\n<p>Toujours avec le m\u00eame objectif, celui d&rsquo;offrir aux clients de Gauthier Chariots \u00c9l\u00e9vateurs un service rigoureux et des produits de qualit\u00e9 qui permettront d\u2019optimiser leurs op\u00e9rations.<\/p>\n<\/div>\n<div class=\"colonne\">\n<div id=\"attachment_4790\" style=\"width: 594px\" class=\"wp-caption alignnone\"><a href=\"https:\/\/gauthierlift.com\/wordpress\/wp-content\/uploads\/2024\/01\/ei_-0290-Edit.jpg\"><img decoding=\"async\" aria-describedby=\"caption-attachment-4790\" class=\"wp-image-4790 \" src=\"https:\/\/gauthierlift.com\/wordpress\/wp-content\/uploads\/2024\/01\/ei_-0290-Edit-500x333.jpg\" alt=\"Succursale de Warwick\" width=\"584\" height=\"389\" srcset=\"https:\/\/gauthierlift.com\/wordpress\/wp-content\/uploads\/2024\/01\/ei_-0290-Edit-500x333.jpg 500w, https:\/\/gauthierlift.com\/wordpress\/wp-content\/uploads\/2024\/01\/ei_-0290-Edit-800x534.jpg 800w, https:\/\/gauthierlift.com\/wordpress\/wp-content\/uploads\/2024\/01\/ei_-0290-Edit-768x512.jpg 768w, https:\/\/gauthierlift.com\/wordpress\/wp-content\/uploads\/2024\/01\/ei_-0290-Edit-1536x1025.jpg 1536w, https:\/\/gauthierlift.com\/wordpress\/wp-content\/uploads\/2024\/01\/ei_-0290-Edit-1800x1201.jpg 1800w, https:\/\/gauthierlift.com\/wordpress\/wp-content\/uploads\/2024\/01\/ei_-0290-Edit-250x167.jpg 250w, https:\/\/gauthierlift.com\/wordpress\/wp-content\/uploads\/2024\/01\/ei_-0290-Edit.jpg 2048w\" sizes=\"(max-width: 584px) 100vw, 584px\" \/><\/a><p id=\"caption-attachment-4790\" class=\"wp-caption-text\">Succursale de Warwick<\/p><\/div>\n<\/div><\/div>\n<div class=\"row\"><div class=\"colonne\"><\/div>\n<h2><strong>Notre mission<\/strong><\/h2>\n<p>&nbsp;<\/p>\n<p>Forts de cet h\u00e9ritage, chez Gauthier, plus que jamais, notre mission est claire:<\/p>\n<p><span style=\"font-size: 21px;\"><strong>R\u00e9pondre \u00e0 tous les besoins li\u00e9s aux \u00e9quipements de manutention de nos clients actuels ou futurs, en proposant des produits de qualit\u00e9 sup\u00e9rieure et un service irr\u00e9prochable, tout en priorisant le respect des personnes et de l&rsquo;environnement dans nos actions.<\/strong><\/span><\/p>\n<p>C&rsquo;est ce qui nous inspire chaque jour, lorsque nous travaillons pour vous et avec vous.<\/p>\n","protected":false},"excerpt":{"rendered":"&nbsp; Notre mission &nbsp; Forts de cet h\u00e9ritage, chez Gauthier, plus que jamais, notre mission est claire: R\u00e9pondre \u00e0 tous les besoins li\u00e9s aux \u00e9quipements de manutention de nos clients actuels ou futurs, en proposant des produits de qualit\u00e9 sup\u00e9rieure et un service irr\u00e9prochable, tout en priorisant le respect des personnes et de l&rsquo;environnement dans&#8230;<br><br><a class=\"view-article\" href=\"https:\/\/gauthierlift.com\/wordpress\/a-propos\/\">Voir l&rsquo;article<\/a>","protected":false},"author":1,"featured_media":0,"parent":0,"menu_order":0,"comment_status":"closed","ping_status":"closed","template":"","meta":{"footnotes":""},"class_list":["post-167","page","type-page","status-publish","hentry"],"yoast_head":"<!-- This site is optimized with the Yoast SEO plugin v26.6 - https:\/\/yoast.com\/wordpress\/plugins\/seo\/ -->\n<title>\u00c0 propos de Gauthier Chariots \u00e9l\u00e9vateurs<\/title>\n<meta name=\"description\" content=\"Concessionnaire Hyundai, Load Lifter et Clark pour l&#039;est du Qu\u00e9bec. Historique et mission.\" \/>\n<meta name=\"robots\" content=\"index, follow, max-snippet:-1, max-image-preview:large, max-video-preview:-1\" \/>\n<link rel=\"canonical\" href=\"https:\/\/gauthierlift.com\/wordpress\/a-propos\/\" \/>\n<meta property=\"og:locale\" content=\"fr_FR\" \/>\n<meta property=\"og:type\" content=\"article\" \/>\n<meta property=\"og:title\" content=\"\u00c0 propos de Gauthier Chariots \u00e9l\u00e9vateurs\" \/>\n<meta property=\"og:description\" content=\"Concessionnaire Hyundai, Load Lifter et Clark pour l&#039;est du Qu\u00e9bec. Historique et mission.\" \/>\n<meta property=\"og:url\" content=\"https:\/\/gauthierlift.com\/wordpress\/a-propos\/\" \/>\n<meta property=\"og:site_name\" content=\"Gauthier Chariots \u00c9l\u00e9vateurs\" \/>\n<meta property=\"article:modified_time\" content=\"2025-07-17T14:33:19+00:00\" \/>\n<meta property=\"og:image\" content=\"https:\/\/gauthierlift.com\/wordpress\/wp-content\/uploads\/2024\/01\/ei_-0820-Edit.jpg\" \/>\n\t<meta property=\"og:image:width\" content=\"2048\" \/>\n\t<meta property=\"og:image:height\" content=\"1366\" \/>\n\t<meta property=\"og:image:type\" content=\"image\/jpeg\" \/>\n<meta name=\"twitter:card\" content=\"summary_large_image\" \/>\n<meta name=\"twitter:label1\" content=\"Dur\u00e9e de lecture estim\u00e9e\" \/>\n\t<meta name=\"twitter:data1\" content=\"4 minutes\" \/>\n<script type=\"application\/ld+json\" class=\"yoast-schema-graph\">{\"@context\":\"https:\/\/schema.org\",\"@graph\":[{\"@type\":\"WebPage\",\"@id\":\"https:\/\/gauthierlift.com\/wordpress\/a-propos\/\",\"url\":\"https:\/\/gauthierlift.com\/wordpress\/a-propos\/\",\"name\":\"\u00c0 propos de Gauthier Chariots \u00e9l\u00e9vateurs\",\"isPartOf\":{\"@id\":\"https:\/\/gauthierlift.com\/wordpress\/#website\"},\"primaryImageOfPage\":{\"@id\":\"https:\/\/gauthierlift.com\/wordpress\/a-propos\/#primaryimage\"},\"image\":{\"@id\":\"https:\/\/gauthierlift.com\/wordpress\/a-propos\/#primaryimage\"},\"thumbnailUrl\":\"https:\/\/gauthierlift.com\/wordpress\/wp-content\/uploads\/2024\/01\/ei_-0820-Edit-500x333.jpg\",\"datePublished\":\"2015-08-19T20:57:25+00:00\",\"dateModified\":\"2025-07-17T14:33:19+00:00\",\"description\":\"Concessionnaire Hyundai, Load Lifter et Clark pour l'est du Qu\u00e9bec. Historique et mission.\",\"breadcrumb\":{\"@id\":\"https:\/\/gauthierlift.com\/wordpress\/a-propos\/#breadcrumb\"},\"inLanguage\":\"fr-FR\",\"potentialAction\":[{\"@type\":\"ReadAction\",\"target\":[\"https:\/\/gauthierlift.com\/wordpress\/a-propos\/\"]}]},{\"@type\":\"ImageObject\",\"inLanguage\":\"fr-FR\",\"@id\":\"https:\/\/gauthierlift.com\/wordpress\/a-propos\/#primaryimage\",\"url\":\"https:\/\/gauthierlift.com\/wordpress\/wp-content\/uploads\/2024\/01\/ei_-0820-Edit.jpg\",\"contentUrl\":\"https:\/\/gauthierlift.com\/wordpress\/wp-content\/uploads\/2024\/01\/ei_-0820-Edit.jpg\",\"width\":2048,\"height\":1366,\"caption\":\"Les associ\u00e9s\"},{\"@type\":\"BreadcrumbList\",\"@id\":\"https:\/\/gauthierlift.com\/wordpress\/a-propos\/#breadcrumb\",\"itemListElement\":[{\"@type\":\"ListItem\",\"position\":1,\"name\":\"Accueil\",\"item\":\"https:\/\/gauthierlift.com\/wordpress\/\"},{\"@type\":\"ListItem\",\"position\":2,\"name\":\"\u00c0 propos\"}]},{\"@type\":\"WebSite\",\"@id\":\"https:\/\/gauthierlift.com\/wordpress\/#website\",\"url\":\"https:\/\/gauthierlift.com\/wordpress\/\",\"name\":\"Gauthier Chariots \u00c9l\u00e9vateurs\",\"description\":\"Achat, location et r\u00e9paration de chariots Hyundai, Clark et Load Lifter\",\"publisher\":{\"@id\":\"https:\/\/gauthierlift.com\/wordpress\/#organization\"},\"potentialAction\":[{\"@type\":\"SearchAction\",\"target\":{\"@type\":\"EntryPoint\",\"urlTemplate\":\"https:\/\/gauthierlift.com\/wordpress\/?s={search_term_string}\"},\"query-input\":{\"@type\":\"PropertyValueSpecification\",\"valueRequired\":true,\"valueName\":\"search_term_string\"}}],\"inLanguage\":\"fr-FR\"},{\"@type\":\"Organization\",\"@id\":\"https:\/\/gauthierlift.com\/wordpress\/#organization\",\"name\":\"Deval Chariots \u00c9l\u00e9vateurs\",\"url\":\"https:\/\/gauthierlift.com\/wordpress\/\",\"logo\":{\"@type\":\"ImageObject\",\"inLanguage\":\"fr-FR\",\"@id\":\"https:\/\/gauthierlift.com\/wordpress\/#\/schema\/logo\/image\/\",\"url\":\"https:\/\/gauthierlift.com\/wordpress\/wp-content\/uploads\/2015\/08\/deval-logo-inverted1.png\",\"contentUrl\":\"https:\/\/gauthierlift.com\/wordpress\/wp-content\/uploads\/2015\/08\/deval-logo-inverted1.png\",\"width\":268,\"height\":76,\"caption\":\"Deval Chariots \u00c9l\u00e9vateurs\"},\"image\":{\"@id\":\"https:\/\/gauthierlift.com\/wordpress\/#\/schema\/logo\/image\/\"}}]}<\/script>\n<!-- \/ Yoast SEO plugin. -->","yoast_head_json":{"title":"\u00c0 propos de Gauthier Chariots \u00e9l\u00e9vateurs","description":"Concessionnaire Hyundai, Load Lifter et Clark pour l'est du Qu\u00e9bec. Historique et mission.","robots":{"index":"index","follow":"follow","max-snippet":"max-snippet:-1","max-image-preview":"max-image-preview:large","max-video-preview":"max-video-preview:-1"},"canonical":"https:\/\/gauthierlift.com\/wordpress\/a-propos\/","og_locale":"fr_FR","og_type":"article","og_title":"\u00c0 propos de Gauthier Chariots \u00e9l\u00e9vateurs","og_description":"Concessionnaire Hyundai, Load Lifter et Clark pour l'est du Qu\u00e9bec. Historique et mission.","og_url":"https:\/\/gauthierlift.com\/wordpress\/a-propos\/","og_site_name":"Gauthier Chariots \u00c9l\u00e9vateurs","article_modified_time":"2025-07-17T14:33:19+00:00","og_image":[{"width":2048,"height":1366,"url":"https:\/\/gauthierlift.com\/wordpress\/wp-content\/uploads\/2024\/01\/ei_-0820-Edit.jpg","type":"image\/jpeg"}],"twitter_card":"summary_large_image","twitter_misc":{"Dur\u00e9e de lecture estim\u00e9e":"4 minutes"},"schema":{"@context":"https:\/\/schema.org","@graph":[{"@type":"WebPage","@id":"https:\/\/gauthierlift.com\/wordpress\/a-propos\/","url":"https:\/\/gauthierlift.com\/wordpress\/a-propos\/","name":"\u00c0 propos de Gauthier Chariots \u00e9l\u00e9vateurs","isPartOf":{"@id":"https:\/\/gauthierlift.com\/wordpress\/#website"},"primaryImageOfPage":{"@id":"https:\/\/gauthierlift.com\/wordpress\/a-propos\/#primaryimage"},"image":{"@id":"https:\/\/gauthierlift.com\/wordpress\/a-propos\/#primaryimage"},"thumbnailUrl":"https:\/\/gauthierlift.com\/wordpress\/wp-content\/uploads\/2024\/01\/ei_-0820-Edit-500x333.jpg","datePublished":"2015-08-19T20:57:25+00:00","dateModified":"2025-07-17T14:33:19+00:00","description":"Concessionnaire Hyundai, Load Lifter et Clark pour l'est du Qu\u00e9bec. Historique et mission.","breadcrumb":{"@id":"https:\/\/gauthierlift.com\/wordpress\/a-propos\/#breadcrumb"},"inLanguage":"fr-FR","potentialAction":[{"@type":"ReadAction","target":["https:\/\/gauthierlift.com\/wordpress\/a-propos\/"]}]},{"@type":"ImageObject","inLanguage":"fr-FR","@id":"https:\/\/gauthierlift.com\/wordpress\/a-propos\/#primaryimage","url":"https:\/\/gauthierlift.com\/wordpress\/wp-content\/uploads\/2024\/01\/ei_-0820-Edit.jpg","contentUrl":"https:\/\/gauthierlift.com\/wordpress\/wp-content\/uploads\/2024\/01\/ei_-0820-Edit.jpg","width":2048,"height":1366,"caption":"Les associ\u00e9s"},{"@type":"BreadcrumbList","@id":"https:\/\/gauthierlift.com\/wordpress\/a-propos\/#breadcrumb","itemListElement":[{"@type":"ListItem","position":1,"name":"Accueil","item":"https:\/\/gauthierlift.com\/wordpress\/"},{"@type":"ListItem","position":2,"name":"\u00c0 propos"}]},{"@type":"WebSite","@id":"https:\/\/gauthierlift.com\/wordpress\/#website","url":"https:\/\/gauthierlift.com\/wordpress\/","name":"Gauthier Chariots \u00c9l\u00e9vateurs","description":"Achat, location et r\u00e9paration de chariots Hyundai, Clark et Load Lifter","publisher":{"@id":"https:\/\/gauthierlift.com\/wordpress\/#organization"},"potentialAction":[{"@type":"SearchAction","target":{"@type":"EntryPoint","urlTemplate":"https:\/\/gauthierlift.com\/wordpress\/?s={search_term_string}"},"query-input":{"@type":"PropertyValueSpecification","valueRequired":true,"valueName":"search_term_string"}}],"inLanguage":"fr-FR"},{"@type":"Organization","@id":"https:\/\/gauthierlift.com\/wordpress\/#organization","name":"Deval Chariots \u00c9l\u00e9vateurs","url":"https:\/\/gauthierlift.com\/wordpress\/","logo":{"@type":"ImageObject","inLanguage":"fr-FR","@id":"https:\/\/gauthierlift.com\/wordpress\/#\/schema\/logo\/image\/","url":"https:\/\/gauthierlift.com\/wordpress\/wp-content\/uploads\/2015\/08\/deval-logo-inverted1.png","contentUrl":"https:\/\/gauthierlift.com\/wordpress\/wp-content\/uploads\/2015\/08\/deval-logo-inverted1.png","width":268,"height":76,"caption":"Deval Chariots \u00c9l\u00e9vateurs"},"image":{"@id":"https:\/\/gauthierlift.com\/wordpress\/#\/schema\/logo\/image\/"}}]}},"_links":{"self":[{"href":"https:\/\/gauthierlift.com\/wordpress\/wp-json\/wp\/v2\/pages\/167","targetHints":{"allow":["GET"]}}],"collection":[{"href":"https:\/\/gauthierlift.com\/wordpress\/wp-json\/wp\/v2\/pages"}],"about":[{"href":"https:\/\/gauthierlift.com\/wordpress\/wp-json\/wp\/v2\/types\/page"}],"author":[{"embeddable":true,"href":"https:\/\/gauthierlift.com\/wordpress\/wp-json\/wp\/v2\/users\/1"}],"replies":[{"embeddable":true,"href":"https:\/\/gauthierlift.com\/wordpress\/wp-json\/wp\/v2\/comments?post=167"}],"version-history":[{"count":52,"href":"https:\/\/gauthierlift.com\/wordpress\/wp-json\/wp\/v2\/pages\/167\/revisions"}],"predecessor-version":[{"id":6361,"href":"https:\/\/gauthierlift.com\/wordpress\/wp-json\/wp\/v2\/pages\/167\/revisions\/6361"}],"wp:attachment":[{"href":"https:\/\/gauthierlift.com\/wordpress\/wp-json\/wp\/v2\/media?parent=167"}],"curies":[{"name":"wp","href":"https:\/\/api.w.org\/{rel}","templated":true}]}}